{"id":17505,"date":"2023-06-12T12:05:24","date_gmt":"2023-06-12T10:05:24","guid":{"rendered":"https:\/\/www.epicerie-lasource.org\/magasin\/?post_type=product&#038;p=17505"},"modified":"2025-11-19T18:49:10","modified_gmt":"2025-11-19T17:49:10","slug":"creme-chantilly-visage-et-corps-adultes-et-enfants","status":"publish","type":"product","link":"https:\/\/www.epicerie-lasource.org\/magasin\/produit\/creme-chantilly-visage-et-corps-adultes-et-enfants\/","title":{"rendered":"\u00ab\u00a0Cr\u00e8me chantilly\u00a0\u00bb visage et corps (adultes et enfants)"},"content":{"rendered":"","protected":false},"excerpt":{"rendered":"<p><span class=\"PBLongTxt PBItemDesc\">Une cr\u00e8me ayant une texture \u00ab\u00a0chantilly\u00a0\u00bb agr\u00e9able \u00e0 l&rsquo;application,\u00a0Cette recette est id\u00e9ale pour maintenir une bonne hydratation de la peau. Elle\u00a0prot\u00e8ge, apaise et cicatrise\u00a0la peau. Le mac\u00e9r\u00e2t huileux de calendula et le beurre de karit\u00e9 sont tr\u00e8s efficaces contre l\u2019ecz\u00e9ma.<\/span><\/p>\n<p>Petit plus, la cr\u00e8me Bubble Shop comme le d\u00e9maquillant et le savon cumin Noir( contre l&rsquo;acn\u00e9) est fabriqu\u00e9 par nos soins.<\/p>\n<p>Cr\u00e8me\u00a0sans parfum et sans huiles essentielles elle est donc\u00a0utilisable\u00a0 chez le\u00a0b\u00e9b\u00e9, la femme enceinte\u00a0et \/ ou\u00a0allaitante.<\/p>\n<p>100 % Bio<\/p>\n<p>Compatible Vegan<\/p>\n<p>Poids : 50 gr<\/p>\n<p>INCI :\u00a0Butyrospermum Parkii Butter,\u00a0Prunus Amygdalus Dulcis Oil,\u00a0Helianthus Annus seed oil,\u00a0Calendula\u00a0officinalis flower extract.<\/p>\n<p>Ingr\u00e9dients : Beurre de karit\u00e9 bio, Amande douce bio, Mac\u00e9rat\u00a0huileux de Calendula bio<\/p>\n","protected":false},"featured_media":17506,"comment_status":"closed","ping_status":"closed","template":"","meta":[],"product_cat":[207,652],"product_tag":[],"supplier_id":null,"supplier_sku":"","atum_controlled":true,"out_stock_date":null,"out_stock_threshold":null,"inheritable":false,"inbound_stock":0,"stock_on_hold":0,"sold_today":0,"sales_last_days":0,"out_stock_days":0,"lost_sales":0,"has_location":false,"update_date":"2026-04-30T22:27:28","atum_locations":[],"atum_stock_status":"instock","restock_status":false,"low_stock_amount":"","sales_update_date":"2026-04-30T22:27:28","calc_backorders":null,"_links":{"self":[{"href":"https:\/\/www.epicerie-lasource.org\/magasin\/wp-json\/wp\/v2\/product\/17505"}],"collection":[{"href":"https:\/\/www.epicerie-lasource.org\/magasin\/wp-json\/wp\/v2\/product"}],"about":[{"href":"https:\/\/www.epicerie-lasource.org\/magasin\/wp-json\/wp\/v2\/types\/product"}],"replies":[{"embeddable":true,"href":"https:\/\/www.epicerie-lasource.org\/magasin\/wp-json\/wp\/v2\/comments?post=17505"}],"wp:featuredmedia":[{"embeddable":true,"href":"https:\/\/www.epicerie-lasource.org\/magasin\/wp-json\/wp\/v2\/media\/17506"}],"wp:attachment":[{"href":"https:\/\/www.epicerie-lasource.org\/magasin\/wp-json\/wp\/v2\/media?parent=17505"}],"wp:term":[{"taxonomy":"product_cat","embeddable":true,"href":"https:\/\/www.epicerie-lasource.org\/magasin\/wp-json\/wp\/v2\/product_cat?post=17505"},{"taxonomy":"product_tag","embeddable":true,"href":"https:\/\/www.epicerie-lasource.org\/magasin\/wp-json\/wp\/v2\/product_tag?post=17505"}],"curies":[{"name":"wp","href":"https:\/\/api.w.org\/{rel}","templated":true}]}}